{"id":1785,"date":"2026-03-03T10:38:28","date_gmt":"2026-03-03T09:38:28","guid":{"rendered":"https:\/\/www.uamksr.sk\/uamk\/?page_id=1785"},"modified":"2026-03-03T11:14:32","modified_gmt":"2026-03-03T10:14:32","slug":"gdpr","status":"publish","type":"page","link":"https:\/\/www.uamksr.sk\/uamk\/gdpr","title":{"rendered":"Ochrana osobn\u00fdch \u00fadajov"},"content":{"rendered":"\n<p><strong>Podmienky ochrany osobn\u00fdch \u00fadajov v&nbsp;zmysle <\/strong><strong>Nariadenia Eur\u00f3pskeho parlamentu a Rady (E\u00da) 2016\/679 z 27. apr\u00edla 2016 o ochrane fyzick\u00fdch os\u00f4b pri sprac\u00favan\u00ed osobn\u00fdch \u00fadajov a o vo\u013enom pohybe tak\u00fdchto \u00fadajov (\u010falej ako \u201eGDPR\u201c) a&nbsp;z\u00e1kona \u010d. 18\/2018 Z. z. o&nbsp;ochrane osobn\u00fdch \u00fadajov&nbsp;<\/strong><\/p>\n\n\n\n<p>Ochrana osobn\u00fdch \u00fadajov klientov a&nbsp;in\u00fdch fyzick\u00fdch os\u00f4b je pre <strong>\u00dastredn\u00fd automotoklub Slovensk\u00e1 republika<\/strong>, <strong>ob\u010dianske zdru\u017eenie<\/strong>, so s\u00eddlom Tom\u00e1\u0161ikova 30, 821 01 Bratislava, I\u010cO: 308 02 491,&nbsp; zap\u00edsan\u00e9 v&nbsp;Registri mimovl\u00e1dnych neziskov\u00fdch organiz\u00e1ci\u00ed MV SR d\u0148a 29.03.2006 pod \u010d\u00edslom VVS\/1-900\/90-28033, d\u00f4le\u017eit\u00e1. Tieto podmienky opisuj\u00fa ak\u00e9 osobn\u00e9 \u00fadaje \u00dastredn\u00fd automotoklub Slovensk\u00e1 republika, ob\u010dianske zdru\u017eenie sprac\u00fava, vysvet\u013euj\u00fa ak\u00fdm sp\u00f4sobom \u00dastredn\u00fd automotoklub Slovensk\u00e1 republika, ob\u010dianske zdru\u017eenie osobn\u00e9 \u00fadaje pri v\u00fdkone svojej \u010dinnosti sprac\u00fava, ako dlho ich uchov\u00e1va, s&nbsp;k\u00fdm ich zdie\u013ea, komu ich pren\u00e1\u0161a a&nbsp;deklaruje pr\u00e1va, ktor\u00e9 m\u00f4\u017eu dotknut\u00e9 osoby vykon\u00e1va\u0165 v&nbsp;s\u00favislosti s&nbsp;pou\u017eit\u00edm ich osobn\u00fdch \u00fadajov.<\/p>\n\n\n\n<p>Uverejnen\u00edm ni\u017e\u0161ie uveden\u00fdch ustanoven\u00ed \u010dl. 13 a&nbsp;15-22 GDPR na str\u00e1nke www.uamk.sk si \u00dastredn\u00fd automotoklub Slovensk\u00e1 republika, pln\u00ed svoju informa\u010dn\u00fa povinnos\u0165 v&nbsp;zmysle GDPR.<\/p>\n\n\n\n<ol class=\"wp-block-list\">\n<li>\u00dastredn\u00fd automotoklub Slovensk\u00e1 republika, ob\u010dianske zdru\u017eenie so s\u00eddlom Tom\u00e1\u0161ikova 30, 821 01 Bratislava, I\u010cO: 308 02 491, je prev\u00e1dzkovate\u013eom v&nbsp;zmysle ustanoven\u00ed \u010dl. 4 bod 7 GDPR.<\/li>\n\n\n\n<li>Fyzick\u00e1 osoba, ktorej osobn\u00e9 \u00fadaje prev\u00e1dzkovate\u013e spracov\u00e1va na z\u00e1klade jej dobrovo\u013en\u00e9ho poskytnutia (\u010falej aj ako \u201edotknut\u00e1 osoba\u201c) berie na vedomie, \u017ee prev\u00e1dzkovate\u013e spracov\u00e1va jeho osobn\u00e9 \u00fadaje v informa\u010dn\u00fdch syst\u00e9moch prev\u00e1dzkovate\u013ea v&nbsp;rozsahu: meno a&nbsp;priezvisko, adresa bydliska, obec\/mesto, PS\u010c, d\u00e1tum narodenia, \u010d\u00edslo telef\u00f3nu, e-mailov\u00e1 adresa, I\u010cO,&nbsp; (\u010falej ako \u201eosobn\u00e9 \u00fadaje\u201c).<\/li>\n\n\n\n<li><strong>\u00da<\/strong><strong>\u010delom spracovania osobn\u00fdch \u00fadajov<\/strong> je<\/li>\n<\/ol>\n\n\n\n<ul class=\"wp-block-list\">\n<li>vykon\u00e1vanie \u010dinnosti prev\u00e1dzkovate\u013ea prostredn\u00edctvom zmluvn\u00fdch vz\u0165ahov s&nbsp;fyzick\u00fdmi osobami a&nbsp;pr\u00e1vnick\u00fdmi osobami (uzatvoren\u00fdch na z\u00e1klade Obchodn\u00e9ho z\u00e1konn\u00edka a&nbsp;Ob\u010dianskeho z\u00e1konn\u00edka) &#8211; <strong>pr\u00e1vnym z\u00e1kladom spracovania osobn\u00fdch \u00fadajov <\/strong>je plnenie zmluvy pod\u013ea \u010dl\u00e1nku 6 ods. 1 p\u00edsm. b) GDPR &#8211; osobn\u00e9 \u00fadaje sa uchov\u00e1vaj\u00fa 10 rokov;<\/li>\n\n\n\n<li>plnenie z\u00e1konn\u00fdch povinnost\u00ed prev\u00e1dzkovate\u013ea (na z\u00e1klade osobitn\u00fdch z\u00e1konov v&nbsp;oblasti \u00fa\u010dtovn\u00edctva a&nbsp;spr\u00e1vy dan\u00ed) &#8211; <strong>pr\u00e1vnym z\u00e1kladom spracovania osobn\u00fdch \u00fadajov <\/strong>je plnenie z\u00e1konnej povinnosti pod\u013ea \u010dl. 6 ods. 1 p\u00edsm. c) GDPR &#8211; osobn\u00e9 \u00fadaje sa uchov\u00e1vaj\u00fa 10 rokov;<\/li>\n\n\n\n<li>zasielanie informa\u010dn\u00fdch marketingov\u00fdch emailov a\/alebo emailov o&nbsp; ponuk\u00e1ch produktov a&nbsp;slu\u017eieb prev\u00e1dzkovate\u013ea a&nbsp;jeho obchodn\u00fdch partnerov a sprostredkovate\u013eov \u2013 <strong>pr\u00e1vnym z\u00e1kladom <\/strong><strong>spracovania osobn\u00fdch \u00fadajov je<\/strong> s\u00fahlas dotknutej osoby pod\u013ea \u010dl. 6 ods. 1 p\u00edsm. a) GDPR; osobn\u00e9 \u00fadaje sa uchov\u00e1vaj\u00fa po\u010das doby trvania udelen\u00e9ho s\u00fahlasu a\u017e do jeho odvolania;<\/li>\n\n\n\n<li>\u00fa\u010das\u0165 dotknutej osoby na \u010dlenskom programe prev\u00e1dzkovate\u013ea \u201c\u010clensk\u00e1 karta UAMK SR\u201c\u2013 <strong>pr\u00e1vnym z\u00e1kladom <\/strong><strong>spracovania osobn\u00fdch \u00fadajov je<\/strong> s\u00fahlas dotknutej osoby pod\u013ea \u010dl. 6 ods. 1 p\u00edsm. a) GDPR; osobn\u00e9 \u00fadaje sa uchov\u00e1vaj\u00fa po\u010das doby trvania udelen\u00e9ho s\u00fahlasu a\u017e do jeho odvolania.<\/li>\n<\/ul>\n\n\n\n<ol start=\"4\" class=\"wp-block-list\">\n<li>K cezhrani\u010dn\u00e9mu prenosu osobn\u00fdch \u00fadajov do tret\u00edch kraj\u00edn mimo Eur\u00f3pskeho hospod\u00e1rskeho priestoru (E\u00da, Island, N\u00f3rsko a&nbsp;Lichten\u0161tajnsko) nedoch\u00e1dza.<\/li>\n\n\n\n<li>Na z\u00e1klade ustanovenia <strong>\u010dl. 13 GDPR dotknut\u00e1 osoba berie na vedomie, \u017ee<\/strong>:<\/li>\n<\/ol>\n\n\n\n<ul class=\"wp-block-list\">\n<li><strong>m\u00e1 pr\u00e1vo <\/strong>po\u017eadova\u0165 od prev\u00e1dzkovate\u013ea pr\u00edstup k&nbsp;svojim osobn\u00fdm \u00fadajom;<\/li>\n\n\n\n<li><strong>m\u00e1 pr\u00e1vo <\/strong>po\u017eadova\u0165 od prev\u00e1dzkovate\u013ea ich opravu alebo vymazanie alebo obmedzenie sprac\u00favania;<\/li>\n\n\n\n<li><strong>m\u00e1 pr\u00e1vo <\/strong>namieta\u0165 proti sprac\u00favaniu, ako aj pr\u00e1vo na prenosnos\u0165 \u00fadajov;<\/li>\n\n\n\n<li><strong>m\u00e1 pr\u00e1vo <\/strong>poda\u0165 s\u0165a\u017enos\u0165 dozorn\u00e9mu org\u00e1nu;<\/li>\n\n\n\n<li><strong>ak poskytla na spracovanie osobn\u00fdch \u00fadajov s\u00fahlas, m\u00e1 pr\u00e1vo s\u00fahlas odvola\u0165 bez toho, aby to malo vplyv na z\u00e1konnos\u0165 sprac\u00favania zalo\u017een\u00e9ho na s\u00fahlase udelenom pred jeho odvolan\u00edm, a&nbsp;to zaslan\u00edm emailu na adresu: zodpovednaosoba@uamk.sk<\/strong><\/li>\n\n\n\n<li>poskytnutie osobn\u00fdch \u00fadajov nie je z\u00e1konnou ani zmluvnou po\u017eiadavkou, av\u0161ak, n\u00e1sledkom neposkytnutia osobn\u00fdch \u00fadajov nebude mo\u017en\u00e9 \u00fa\u010del, na ktor\u00fd sa jej osobn\u00e9 \u00fadaje tak\u00fdmto sp\u00f4sobom sprac\u00favaj\u00fa, zo strany prev\u00e1dzkovate\u013ea plni\u0165;<\/li>\n<\/ul>\n\n\n\n<p>&#8211; &nbsp;&nbsp; zo strany Prev\u00e1dzkovate\u013ea nedoch\u00e1dza k&nbsp;automatick\u00e9mu individu\u00e1lnemu rozhodovaniu v&nbsp;zmysle \u010dl. 22 GDPR.<\/p>\n\n\n\n<ol start=\"6\" class=\"wp-block-list\">\n<li>Prev\u00e1dzkovate\u013e vyhlasuje, \u017ee v s\u00falade s\u00a0ustanoven\u00edm\u00a0 \u010dl. 13 ods. 1 p\u00edsm. c) GDPR na z\u00e1klade s\u00fahlasu dotknutej osoby poskytne osobn\u00e9 \u00fadaje za \u00fa\u010delom zasielania informa\u010dn\u00fdch marketingov\u00fdch \u00a0emailov a inform\u00e1ci\u00ed o novink\u00e1ch prostredn\u00edctvom newsletteru\u00a0 partnerom \u00daAMK SR uveden\u00fdch na na\u0161ej webstr\u00e1nke  <a href=\"https:\/\/www.uamksr.sk\/uamk\/partneri\" target=\"_blank\" rel=\"noreferrer noopener\">PARTNERI<\/a><\/li>\n\n\n\n<li>Pod\u013ea ustanovenia <strong>\u010dl. 15 GDPR Pr\u00e1vo na pr\u00edstup k&nbsp;osobn\u00fdm \u00fadajom <\/strong>m\u00e1 dotknut\u00e1 osoba pr\u00e1vo z\u00edska\u0165 od prev\u00e1dzkovate\u013ea potvrdenie o tom, \u010di sa sprac\u00favaj\u00fa osobn\u00e9 \u00fadaje, ktor\u00e9 sa jej t\u00fdkaj\u00fa, a ak tomu tak je, m\u00e1 pr\u00e1vo z\u00edska\u0165 pr\u00edstup k t\u00fdmto osobn\u00fdm \u00fadajom a tieto inform\u00e1cie:<\/li>\n<\/ol>\n\n\n\n<ul class=\"wp-block-list\">\n<li>\u00fa\u010dely sprac\u00favania<\/li>\n\n\n\n<li>kateg\u00f3rie dotknut\u00fdch osobn\u00fdch \u00fadajov<\/li>\n\n\n\n<li>pr\u00edjemcovia alebo kateg\u00f3rie pr\u00edjemcov, ktor\u00fdm boli alebo bud\u00fa osobn\u00e9 \u00fadaje poskytnut\u00e9, najm\u00e4 pr\u00edjemcovia v tret\u00edch krajin\u00e1ch alebo medzin\u00e1rodn\u00e9 organiz\u00e1cie;<\/li>\n\n\n\n<li>ak je to mo\u017en\u00e9 to mo\u017en\u00e9, predpokladan\u00e1 doba uchov\u00e1vania osobn\u00fdch \u00fadajov alebo, ak to nie je mo\u017en\u00e9, krit\u00e9ri\u00e1 na&nbsp;jej ur\u010denie;<\/li>\n\n\n\n<li>existencia pr\u00e1va po\u017eadova\u0165 od prev\u00e1dzkovate\u013ea opravu osobn\u00fdch \u00fadajov t\u00fdkaj\u00facich sa dotknutej osoby alebo ich vymazanie alebo obmedzenie sprac\u00favania, alebo pr\u00e1va namieta\u0165 proti tak\u00e9muto sprac\u00favaniu;<\/li>\n\n\n\n<li>pr\u00e1vo poda\u0165 s\u0165a\u017enos\u0165 dozorn\u00e9mu org\u00e1nu;<\/li>\n\n\n\n<li>ak sa osobn\u00e9 \u00fadaje nez\u00edskali od dotknutej osoby, ak\u00e9ko\u013evek dostupn\u00e9 inform\u00e1cie, pokia\u013e ide o&nbsp;ich zdroj;<\/li>\n\n\n\n<li>existencia automatizovan\u00e9ho rozhodovania vr\u00e1tane profilovania uveden\u00e9ho v \u010dl\u00e1nku 22 ods. 1 a 4 a v&nbsp;t\u00fdchto pr\u00edpadoch aspo\u0148 zmyslupln\u00e9 inform\u00e1cie o pou\u017eitom postupe, ako aj v\u00fdzname a predpokladan\u00fdch d\u00f4sledkoch tak\u00e9hoto sprac\u00favania pre dotknut\u00fa osobu.<\/li>\n<\/ul>\n\n\n\n<p>Dotknut\u00e1 osoba m\u00e1 pr\u00e1vo na poskytnutie k\u00f3pie osobn\u00fdch \u00fadajov, ktor\u00e9 prev\u00e1dzkovate\u013e spracov\u00e1va<\/p>\n\n\n\n<ul class=\"wp-block-list\">\n<li>. Za ak\u00e9ko\u013evek \u010fal\u0161ie k\u00f3pie, o&nbsp;ktor\u00e9 dotknut\u00e1 osoba po\u017eiada, m\u00f4\u017ee prev\u00e1dzkovate\u013e \u00fa\u010dtova\u0165 primeran\u00fd poplatok zodpovedaj\u00faci administrat\u00edvnym n\u00e1kladom. Ak dotknut\u00e1 osoba podala \u017eiados\u0165 elektronick\u00fdmi prostriedkami, inform\u00e1cie sa poskytn\u00fa v be\u017ene pou\u017e\u00edvanej elektronickej podobe, pokia\u013e dotknut\u00e1 osoba nepo\u017eiadala o&nbsp;in\u00fd sp\u00f4sob.<\/li>\n<\/ul>\n\n\n\n<ol start=\"8\" class=\"wp-block-list\">\n<li>Pod\u013ea ustanovenia <strong>\u010dl. 16 GDPR Pr\u00e1vo na opravu<\/strong> m\u00e1 dotknut\u00e1 osoba pr\u00e1vo, aby prev\u00e1dzkovate\u013e bez zbyto\u010dn\u00e9ho odkladu opravil nespr\u00e1vne \u00fadaje, ktor\u00e9 sa jej t\u00fdkaj\u00fa. So zrete\u013eom na \u00fa\u010dely spracovania m\u00e1 dotknut\u00e1 osoba pr\u00e1vo na doplnenie ne\u00fapln\u00fdch osobn\u00fdch \u00fadajov, a&nbsp;to aj prostredn\u00edctvom poskytnutia doplnkov\u00e9ho prehl\u00e1senia.<\/li>\n\n\n\n<li>Pod\u013ea ustanovenia <strong>\u010dl. 17 GDPR Pr\u00e1vo na vymazanie (pr\u00e1vo \u201ena zabudnutie\u201c)<\/strong> m\u00e1 dotknut\u00e1 osoba pr\u00e1vo na to, aby prev\u00e1dzkovate\u013e bez zbyto\u010dn\u00e9ho odkladu vymazal osobn\u00e9 \u00fadaje, ktor\u00e9 sa jej t\u00fdkaj\u00fa, ak je splnen\u00fd niektor\u00fd z&nbsp;t\u00fdchto d\u00f4vodov:<\/li>\n<\/ol>\n\n\n\n<ul class=\"wp-block-list\">\n<li>osobn\u00e9 \u00fadaje u\u017e nie s\u00fa potrebn\u00e9 na \u00fa\u010dely, na ktor\u00e9 sa z\u00edskavali alebo inak sprac\u00favali;<\/li>\n\n\n\n<li>dotknut\u00e1 osoba odvol\u00e1 s\u00fahlas, na z\u00e1klade ktor\u00e9ho sa sprac\u00favanie vykon\u00e1va a neexistuje in\u00fd pr\u00e1vny z\u00e1klad pre sprac\u00favanie;<\/li>\n\n\n\n<li>dotknut\u00e1 osoba namietala vo\u010di sprac\u00favaniu pod\u013ea \u010dl\u00e1nku 21 ods. 1 GDPR a&nbsp;nepreva\u017euj\u00fa \u017eiadne opr\u00e1vnen\u00e9 d\u00f4vody na sprac\u00favanie alebo dotknut\u00e1 osoba namieta vo\u010di sprac\u00favaniu pod\u013ea \u010dl\u00e1nku 21 ods. 2 GDPR;<\/li>\n\n\n\n<li>osobn\u00e9 \u00fadaje sa sprac\u00favali nez\u00e1konne;<\/li>\n\n\n\n<li>osobn\u00e9 \u00fadaje musia by\u0165 vymazan\u00e9, aby sa splnila z\u00e1konn\u00e1 povinnos\u0165 pod\u013ea pr\u00e1va Eur\u00f3pskej \u00fanie alebo pr\u00e1va \u010dlensk\u00e9ho \u0161t\u00e1tu, ktor\u00e9mu prev\u00e1dzkovate\u013e podlieha;<\/li>\n<\/ul>\n\n\n\n<p>Vy\u0161\u0161ie uveden\u00e9 pr\u00e1vo dotknutej osoby sa neuplatn\u00ed, pokia\u013e je sprac\u00favanie potrebn\u00e9:<\/p>\n\n\n\n<ul class=\"wp-block-list\">\n<li>na uplatnenie pr\u00e1va na slobodu prejavu a na inform\u00e1cie;<\/li>\n\n\n\n<li>na splnenie z\u00e1konnej povinnosti, ktor\u00e1 si vy\u017eaduje sprac\u00favanie pod\u013ea pr\u00e1va \u00danie alebo pr\u00e1va \u010dlensk\u00e9ho \u0161t\u00e1tu, ktor\u00e9mu prev\u00e1dzkovate\u013e podlieha, alebo na splnenie \u00falohy realizovanej vo verejnom z\u00e1ujme alebo pri v\u00fdkone verejnej moci zverenej prev\u00e1dzkovate\u013eovi;<\/li>\n\n\n\n<li>z&nbsp;d\u00f4vodov verejn\u00e9ho z\u00e1ujmu v&nbsp;oblasti verejn\u00e9ho zdravia v&nbsp;s\u00falade s&nbsp;\u010dl\u00e1nkom&nbsp;9 ods. 2 p\u00edsm. h) a i), ako aj \u010dl\u00e1nkom 9 ods. 3 GDPR;<\/li>\n\n\n\n<li>na \u00fa\u010dely archiv\u00e1cie vo verejnom z\u00e1ujme, na \u00fa\u010dely vedeck\u00e9ho alebo historick\u00e9ho v\u00fdskumu \u010di na \u0161tatistick\u00e9 \u00fa\u010dely pod\u013ea \u010dl\u00e1nku&nbsp;89 ods.&nbsp;1 GDPR, pokia\u013e je pravdepodobn\u00e9, \u017ee pr\u00e1vo uveden\u00e9 v&nbsp;odseku&nbsp;1 znemo\u017en\u00ed alebo z\u00e1va\u017en\u00fdm sp\u00f4sobom s\u0165a\u017e\u00ed dosiahnutie cie\u013eov tak\u00e9hoto sprac\u00favania, alebo<\/li>\n\n\n\n<li>na preukazovanie, uplat\u0148ovanie alebo obhajovanie pr\u00e1vnych n\u00e1rokov.<\/li>\n<\/ul>\n\n\n\n<ol start=\"10\" class=\"wp-block-list\">\n<li>Pod\u013ea ustanovenia <strong>\u010dl. 18 GDPR Pr\u00e1vo na obmedzenie sprac\u00favania<\/strong> m\u00e1 dotknut\u00e1 osoba pr\u00e1vo na to, aby prev\u00e1dzkovate\u013e obmedzil sprac\u00favanie, pokia\u013e ide o&nbsp;jeden z&nbsp;t\u00fdchto pr\u00edpadov:<\/li>\n<\/ol>\n\n\n\n<p>&#8211;&nbsp; dotknut\u00e1 osoba napadne spr\u00e1vnos\u0165 osobn\u00fdch \u00fadajov, a to po\u010das obdobia umo\u017e\u0148uj\u00faceho prev\u00e1dzkovate\u013eovi overi\u0165 spr\u00e1vnos\u0165 osobn\u00fdch \u00fadajov;<\/p>\n\n\n\n<p>&#8211;&nbsp; &nbsp;&nbsp;&nbsp; sprac\u00favanie je protiz\u00e1konn\u00e9 a&nbsp;dotknut\u00e1 osoba namieta proti vymazaniu osobn\u00fdch \u00fadajov a&nbsp;\u017eiada namiesto toho obmedzenie ich pou\u017eitia;<\/p>\n\n\n\n<p>&#8211; &nbsp;&nbsp;&nbsp;&nbsp; prev\u00e1dzkovate\u013e u\u017e nepotrebuje osobn\u00e9 \u00fadaje na \u00fa\u010dely sprac\u00favania, ale potrebuje ich dotknut\u00e1 osoba na preuk\u00e1zanie, uplat\u0148ovanie alebo obhajovanie pr\u00e1vnych n\u00e1rokov;<\/p>\n\n\n\n<p>&#8211; &nbsp;&nbsp;&nbsp;&nbsp; dotknut\u00e1 osoba namietala vo\u010di sprac\u00favaniu pod\u013ea \u010dl\u00e1nku 21 ods. 1 GDPR, a to a\u017e do overenia, \u010di opr\u00e1vnen\u00e9 d\u00f4vody na strane prev\u00e1dzkovate\u013ea preva\u017euj\u00fa nad opr\u00e1vnen\u00fdmi d\u00f4vodmi dotknut\u00e1 osoby.<\/p>\n\n\n\n<p>Ak sa sprac\u00favanie obmedzilo pod\u013ea vy\u0161\u0161ie uveden\u00e9ho, tak\u00e9to osobn\u00e9 \u00fadaje sa s&nbsp;v\u00fdnimkou uchov\u00e1vania sprac\u00favaj\u00fa len so s\u00fahlasom dotknutej osoby alebo na preukazovanie, uplat\u0148ovanie alebo obhajovanie pr\u00e1vnych n\u00e1rokov, alebo na ochranu pr\u00e1v inej fyzickej alebo pr\u00e1vnickej osoby, alebo z d\u00f4vodov d\u00f4le\u017eit\u00e9ho verejn\u00e9ho z\u00e1ujmu Eur\u00f3pskej \u00fanie alebo \u010dlensk\u00e9ho \u0161t\u00e1tu.<\/p>\n\n\n\n<ol start=\"11\" class=\"wp-block-list\">\n<li>Pod\u013ea ustanovenia <strong>\u010dl. 19 GDPR Oznamovacia povinnos\u0165 v s\u00favislosti s&nbsp;opravou alebo vymazan\u00edm osobn\u00fdch \u00fadajov alebo obmedzen\u00edm sprac\u00favania,<\/strong> prev\u00e1dzkovate\u013e ozn\u00e1mi ka\u017ed\u00e9mu pr\u00edjemcovi, ktor\u00e9mu boli osobn\u00e9 \u00fadaje poskytnut\u00e9, ka\u017ed\u00fa opravu alebo vymazanie osobn\u00fdch \u00fadajov alebo obmedzenie sprac\u00favania uskuto\u010dnen\u00e9 pod\u013ea \u010dl\u00e1nku 16, \u010dl\u00e1nku 17 ods. 1 a \u010dl\u00e1nku 18 GDPR, pokia\u013e sa to neuk\u00e1\u017ee ako nemo\u017en\u00e9 alebo si to nevy\u017eaduje neprimeran\u00e9 \u00fasilie. Prev\u00e1dzkovate\u013e o&nbsp;t\u00fdchto pr\u00edjemcoch informuje dotknut\u00fa osobu, ak to dotknut\u00e1 osoba po\u017eaduje.<\/li>\n\n\n\n<li>Pod\u013ea ustanovenia <strong>\u010dl. 20 GDPR Pr\u00e1vo na prenosnos\u0165 \u00fadajov<\/strong>, dotknut\u00e1 osoba m\u00e1 pr\u00e1vo z\u00edska\u0165 osobn\u00e9 \u00fadaje, ktor\u00e9 sa jej t\u00fdkaj\u00fa a ktor\u00e9 poskytla prev\u00e1dzkovate\u013eovi, v \u0161trukt\u00farovanom, be\u017ene pou\u017e\u00edvanom a strojovo \u010ditate\u013enom form\u00e1te a m\u00e1 pr\u00e1vo prenies\u0165 tieto \u00fadaje \u010fal\u0161iemu prev\u00e1dzkovate\u013eovi bez toho, aby jej prev\u00e1dzkovate\u013e, ktor\u00e9mu sa tieto osobn\u00e9 \u00fadaje poskytli, br\u00e1nil, ak sa sprac\u00favanie zaklad\u00e1 na s\u00fahlase alebo na zmluve a ak sa sprac\u00favanie vykon\u00e1va automatizovan\u00fdmi prostriedkami. Dotknut\u00e1 osoba m\u00e1 pri&nbsp;uplat\u0148ovan\u00ed svojho pr\u00e1va na prenosnos\u0165 \u00fadajov pod\u013ea tohto bodu pr\u00e1vo na prenos osobn\u00fdch \u00fadajov priamo od jedn\u00e9ho prev\u00e1dzkovate\u013ea druh\u00e9mu prev\u00e1dzkovate\u013eovi, pokia\u013e je to technicky mo\u017en\u00e9. Uplat\u0148ovan\u00edm pr\u00e1va uveden\u00e9ho v&nbsp;tomto odseku nie je dotknut\u00e9 pr\u00e1vo na vymazanie pod\u013ea \u010dl\u00e1nku 17 GDPR (bod 8 vy\u0161\u0161ie). Uveden\u00e9 pr\u00e1vo sa nevz\u0165ahuje na sprac\u00favanie nevyhnutn\u00e9 na splnenie \u00falohy realizovanej vo verejnom z\u00e1ujme alebo pri v\u00fdkone verejnej moci zverenej prev\u00e1dzkovate\u013eov.<\/li>\n\n\n\n<li>Pod\u013ea ustanovenia \u010dl\u00e1nku <strong>21 GDPR Pr\u00e1vo namieta\u0165 <\/strong>dotknut\u00e1 osoba m\u00e1 pr\u00e1vo kedyko\u013evek namieta\u0165 z d\u00f4vodov t\u00fdkaj\u00facich sa jej konkr\u00e9tnej situ\u00e1cie proti sprac\u00favaniu osobn\u00fdch \u00fadajov, ktor\u00e9 sa jej t\u00fdka, ktor\u00e9 je vykon\u00e1van\u00e9 na&nbsp;z\u00e1klade \u010dl\u00e1nku 6 ods. 1 p\u00edsm. e) alebo f) GDPR vr\u00e1tane namietania proti profilovaniu zalo\u017een\u00e9mu na&nbsp;uveden\u00fdch ustanoveniach. Prev\u00e1dzkovate\u013e nesmie \u010falej sprac\u00fava\u0165 osobn\u00e9 \u00fadaje, pokia\u013e nepreuk\u00e1\u017ee nevyhnutn\u00e9 opr\u00e1vnen\u00e9 d\u00f4vody na sprac\u00favanie, ktor\u00e9 preva\u017euj\u00fa nad z\u00e1ujmami, pr\u00e1vami a&nbsp;slobodami dotknutej osoby, alebo d\u00f4vody na preukazovanie, uplat\u0148ovanie alebo obhajovanie pr\u00e1vnych n\u00e1rokov.<\/li>\n<\/ol>\n\n\n\n<p>Dotknut\u00e1 osoba m\u00e1 pr\u00e1vo uplat\u0148ova\u0165 svoje pr\u00e1vo namieta\u0165 automatizovan\u00fdmi prostriedkami s pou\u017eit\u00edm technick\u00fdch \u0161pecifik\u00e1ci\u00ed.<\/p>\n\n\n\n<ol start=\"14\" class=\"wp-block-list\">\n<li>Pod\u013ea ustanovenia <strong>\u010dl. 22 Automatizovan\u00e9 individu\u00e1lne rozhodovanie vr\u00e1tane profilovania <\/strong>Dotknut\u00e1 osoba m\u00e1 pr\u00e1vo na to, aby sa na\u0148ho nevz\u0165ahovalo rozhodnutie, ktor\u00e9 je zalo\u017een\u00e9 v\u00fdlu\u010dne na automatizovanom sprac\u00favan\u00ed, vr\u00e1tane profilovania, a ktor\u00e9 m\u00e1 pr\u00e1vne \u00fa\u010dinky, ktor\u00e9 sa jej t\u00fdkaj\u00fa alebo ju podobne v\u00fdznamne ovplyv\u0148uj\u00fa. To neplat\u00ed, ak je rozhodnutie nevyhnutn\u00e9 na uzavretie alebo plnenie zmluvy medzi dotknutou osobou a prev\u00e1dzkovate\u013eom, alebo je rozhodnutie povolen\u00e9 pr\u00e1vom Eur\u00f3pskej \u00fanie alebo pr\u00e1vom \u010dlensk\u00e9ho \u0161t\u00e1tu, ktor\u00e9mu prev\u00e1dzkovate\u013e podlieha a ktor\u00fdm sa z\u00e1rove\u0148 stanovuj\u00fa aj vhodn\u00e9 opatrenia zaru\u010duj\u00face ochranu pr\u00e1v a slob\u00f4d a opr\u00e1vnen\u00fdch z\u00e1ujmov dotknutej osoby, alebo je rozhodnutie zalo\u017een\u00e9 na v\u00fdslovnom s\u00fahlase dotknutej osoby.<\/li>\n\n\n\n<li>Pod\u013ea ustanovenia \u010dl\u00e1nku <strong>34 GDPR Ozn\u00e1menie poru\u0161enia ochrany osobn\u00fdch \u00fadajov dotknutej osobe <\/strong>m\u00e1 dotknut\u00e1 osoba pr\u00e1vo v&nbsp;pr\u00edpade poru\u0161enia ochrany osobn\u00fdch \u00fadajov, ktor\u00e9 pravdepodobne povedie k&nbsp;vysok\u00e9mu riziku pre pr\u00e1va a&nbsp;slobody fyzick\u00fdch os\u00f4b, na to, \u017ee jej prev\u00e1dzkovate\u013e bez zbyto\u010dn\u00e9ho odkladu ozn\u00e1mi poru\u0161enie ochrany osobn\u00fdch \u00fadajov. Ozn\u00e1menie pod\u013ea predch\u00e1dzaj\u00facej vety sa nevy\u017eaduje, ak je splnen\u00e1 ktor\u00e1ko\u013evek z&nbsp;t\u00fdchto podmienok:<\/li>\n<\/ol>\n\n\n\n<p>&#8211;&nbsp;&nbsp;&nbsp; prev\u00e1dzkovate\u013e prijal primeran\u00e9 technick\u00e9 a organiza\u010dn\u00e9 ochrann\u00e9 opatrenia a tieto opatrenia uplatnil na osobn\u00e9 \u00fadaje, ktor\u00fdch sa poru\u0161enie ochrany osobn\u00fdch \u00fadajov t\u00fdka, a to najm\u00e4 tie opatrenia, na z\u00e1klade ktor\u00fdch s\u00fa osobn\u00e9 \u00fadaje ne\u010ditate\u013en\u00e9 pre v\u0161etky osoby, ktor\u00e9 nie s\u00fa opr\u00e1vnen\u00e9 ma\u0165 k nim pr\u00edstup, ako je napr\u00edklad \u0161ifrovanie<\/p>\n\n\n\n<ul class=\"wp-block-list\">\n<li>prev\u00e1dzkovate\u013e prijal n\u00e1sledn\u00e9 opatrenia, ktor\u00fdmi sa zabezpe\u010d\u00ed, \u017ee vysok\u00e9 riziko pre pr\u00e1va a slobody dotknutej osoby pravdepodobne u\u017e nebude ma\u0165 d\u00f4sledky;<\/li>\n\n\n\n<li>by to vy\u017eadovalo neprimeran\u00e9 \u00fasilie. V takom pr\u00edpade d\u00f4jde namiesto toho k informovaniu verejnosti alebo sa prijme podobn\u00e9 opatrenie, \u010d\u00edm sa zaru\u010d\u00ed, \u017ee dotknut\u00e1 osoba bude informovan\u00fd rovnako efekt\u00edvnym sp\u00f4sobom.<\/li>\n<\/ul>\n\n\n\n<p>Ochrana osobn\u00fdch \u00fadajov nie je jednorazovou z\u00e1le\u017eitos\u0165ou. Inform\u00e1cie, ktor\u00e9 je \u00dastredn\u00fd automotoklub Slovensk\u00e1 republika, ob\u010dianske zdru\u017eenie povinn\u00fd vzh\u013eadom na sprac\u00favanie osobn\u00fdch \u00fadajov poskytn\u00fa\u0165 sa m\u00f4\u017eu meni\u0165 alebo sa stan\u00fa neaktu\u00e1lnymi.<\/p>\n\n\n\n<p>\u00dastredn\u00fd automotoklub Slovensk\u00e1 republika, ob\u010dianske zdru\u017eenie si t\u00fdmto vyhradzuje pr\u00e1vo kedyko\u013evek tieto podmienky upravi\u0165 a zmeni\u0165 v&nbsp;akomko\u013evek rozsahu. V&nbsp;pr\u00edpade, \u017ee d\u00f4jde k&nbsp; zmene t\u00fdchto podmienok, t\u00e1to zmena bude dan\u00e1 do pozornosti v\u0161eobecn\u00fdm ozn\u00e1men\u00edm na tejto webstr\u00e1nke alebo osobitn\u00fdm ozn\u00e1men\u00edm prostredn\u00edctvom emailu.<\/p>\n\n\n\n<p>Dokument o spracovan\u00ed osobn\u00fdch \u00fadajov je k nahliadnutiu aj v <a href=\"https:\/\/www.uamksr.sk\/uamk\/wp-content\/uploads\/2026\/03\/UAMK-GDPR-11_10_2021.pdf\" target=\"_blank\" rel=\"noreferrer noopener\">s\u00fabore PDF<\/a><\/p>\n","protected":false},"excerpt":{"rendered":"<p>Podmienky ochrany osobn\u00fdch \u00fadajov v&nbsp;zmysle Nariadenia Eur\u00f3pskeho parlamentu a Rady (E\u00da) 2016\/679 z 27. apr\u00edla 2016 o ochrane fyzick\u00fdch os\u00f4b pri sprac\u00favan\u00ed osobn\u00fdch \u00fadajov a o vo\u013enom pohybe tak\u00fdchto \u00fadajov (\u010falej ako \u201eGDPR\u201c) a&nbsp;z\u00e1kona \u010d. 18\/2018 Z. z. o&nbsp;ochrane osobn\u00fdch \u00fadajov&nbsp; Ochrana osobn\u00fdch \u00fadajov klientov a&nbsp;in\u00fdch fyzick\u00fdch os\u00f4b je pre \u00dastredn\u00fd automotoklub Slovensk\u00e1 republika, ob\u010dianske &hellip;<br \/><a href=\"https:\/\/www.uamksr.sk\/uamk\/gdpr\" class=\"more-link pen_button pen_element_default pen_icon_arrow_double\">\u010c\u00edta\u0165 \u010falej <span class=\"screen-reader-text\">Ochrana osobn\u00fdch \u00fadajov<\/span><\/a><\/p>\n","protected":false},"author":1,"featured_media":0,"parent":0,"menu_order":0,"comment_status":"closed","ping_status":"closed","template":"","meta":{"footnotes":""},"class_list":["post-1785","page","type-page","status-publish","hentry"],"_links":{"self":[{"href":"https:\/\/www.uamksr.sk\/uamk\/wp-json\/wp\/v2\/pages\/1785","targetHints":{"allow":["GET"]}}],"collection":[{"href":"https:\/\/www.uamksr.sk\/uamk\/wp-json\/wp\/v2\/pages"}],"about":[{"href":"https:\/\/www.uamksr.sk\/uamk\/wp-json\/wp\/v2\/types\/page"}],"author":[{"embeddable":true,"href":"https:\/\/www.uamksr.sk\/uamk\/wp-json\/wp\/v2\/users\/1"}],"replies":[{"embeddable":true,"href":"https:\/\/www.uamksr.sk\/uamk\/wp-json\/wp\/v2\/comments?post=1785"}],"version-history":[{"count":3,"href":"https:\/\/www.uamksr.sk\/uamk\/wp-json\/wp\/v2\/pages\/1785\/revisions"}],"predecessor-version":[{"id":1804,"href":"https:\/\/www.uamksr.sk\/uamk\/wp-json\/wp\/v2\/pages\/1785\/revisions\/1804"}],"wp:attachment":[{"href":"https:\/\/www.uamksr.sk\/uamk\/wp-json\/wp\/v2\/media?parent=1785"}],"curies":[{"name":"wp","href":"https:\/\/api.w.org\/{rel}","templated":true}]}}