{"id":159,"date":"2026-02-06T15:28:28","date_gmt":"2026-02-06T14:28:28","guid":{"rendered":"https:\/\/www.uamksr.sk\/uamk\/?page_id=159"},"modified":"2026-03-01T11:31:19","modified_gmt":"2026-03-01T10:31:19","slug":"o-nas","status":"publish","type":"page","link":"https:\/\/www.uamksr.sk\/uamk\/o-nas","title":{"rendered":"O n\u00e1s"},"content":{"rendered":"\n<div class=\"wp-block-group has-background\" style=\"background-color:#edcf10\"><div class=\"wp-block-group__inner-container is-layout-constrained wp-block-group-is-layout-constrained\">\n<p><\/p>\n\n\n\n<div class=\"wp-block-columns is-layout-flex wp-container-core-columns-is-layout-9d6595d7 wp-block-columns-is-layout-flex\">\n<div class=\"wp-block-column is-layout-flow wp-block-column-is-layout-flow\">\n<p>\u00dastredn\u00fd automotoklub Slovensk\u00e1 republika (&nbsp;<strong>\u00daAMK<\/strong>&nbsp;) je modern\u00fd eur\u00f3psky automotoklub, ktor\u00fd p\u00f4sob\u00ed v oblastiach bezpe\u010dnosti cestnej prem\u00e1vky, dopravno \u2013 bezpe\u010dnostn\u00fdch eduka\u010dn\u00fdch podujat\u00ed pre \u0161irok\u00fa ob\u010diansku verejnos\u0165 s akcentom na deti a ml\u00e1de\u017e, prevenciu dopravnej nehodovosti a mototuristiku. \u00daAMK je z\u00e1rove\u0148 najstar\u0161ie motoristick\u00e9 ob\u010dianske zdru\u017eenie na Slovensku s najv\u00e4\u010d\u0161ou zapojenos\u0165ou ob\u010dianskej verejnosti do svojich aktiv\u00edt. \u00daAMK sa stal v roku 2004 jedn\u00fdm z prv\u00fdch signat\u00e1rov&nbsp;<strong>Eur\u00f3pskej charty bezpe\u010dnosti cestnej prem\u00e1vky<\/strong>, vedenej Eur\u00f3pskou komisiou, ktor\u00e1 je najv\u00e4\u010d\u0161ou platformou ob\u010dianskej spolo\u010dnosti v oblasti bezpe\u010dnosti cestnej prem\u00e1vky.<\/p>\n\n\n\n<p>\u010cinnos\u0165 \u00daAMK a jeho \u010dlensk\u00fdch automotoklubov je zameran\u00e1 na rodiny s de\u0165mi a ml\u00e1de\u017e, mototuristiku a motoristick\u00fd \u0161port. \u00daAMK napom\u00e1ha rozvoju dopravnej v\u00fdchovy v\u0161etk\u00fdch motoristov, ale najm\u00e4 det\u00ed v \u0161kolskom veku, upriamuje svoje \u00fasilie na skvalitnenie dopravnej v\u00fdchovy det\u00ed v s\u00falade s dohodami a zmluvami Eur\u00f3pskej \u00fanie a Valn\u00e9ho zhroma\u017edenia OSN. Kvalitn\u00e1 a erudovan\u00e1 dopravn\u00e1 v\u00fdchova det\u00ed a ml\u00e1de\u017ee je preto pre \u00daAMK prioritou.<\/p>\n\n\n\n<p><br>\u00daAMK venuje pozornos\u0165 nielen ml\u00e1de\u017ei, ale aj seniorom v r\u00e1mci projektu Seniori za volantom, kde organizuje s\u00e9riu podujat\u00ed, zameran\u00fdch na t\u00fato vekov\u00fa kateg\u00f3riu. Predmetom \u010dinnosti \u00daAMK je koordin\u00e1cia pr\u00e1ce \u010dlensk\u00fdch automotoklubov, \u0161portov\u00fdch pravidiel a \u0161portovo \u2013 organiza\u010dn\u00e9 zabezpe\u010denie \u0161portov\u00fdch mototuristick\u00fdch postupov\u00fdch s\u00fa\u0165a\u017e\u00ed v s\u00falade s n\u00e1rodn\u00fdmi a medzin\u00e1rodn\u00fdmi \u0161portov\u00fdmi predpismi. Z\u00e1sadnou prioritou a zameran\u00edm \u010dinnosti \u00daAMK je bezpe\u010dnos\u0165 cestnej prem\u00e1vky, prevencia dopravnej nehodovosti, ale najm\u00e4 ochrana \u017eivota, zdravia a majetku v\u0161etk\u00fdch ob\u010danov.<\/p>\n<\/div>\n<\/div>\n<\/div><\/div>\n\n\n\n<h2 class=\"wp-block-heading has-text-align-center has-luminous-vivid-amber-background-color has-background\">Obsahov\u00e9 priority \u00daAMK<\/h2>\n\n\n\n<div class=\"wp-block-columns has-background is-layout-flex wp-container-core-columns-is-layout-9d6595d7 wp-block-columns-is-layout-flex\" style=\"background-color:#edcf10\">\n<div class=\"wp-block-column is-layout-flow wp-block-column-is-layout-flow\">\n<p><strong>1) BEZPE\u010cNOS\u0164&nbsp; CESTNEJ&nbsp; PREM\u00c1VKY:<\/strong><br>\u2013 dopravn\u00e1 v\u00fdchova det\u00ed<br>\u2013 vzdel\u00e1vanie seniorov, projekt \u201eSeniori bezpe\u010dne\u201c<\/p>\n\n\n\n<p><strong>2) MOTOTURISTIKA, CESTOVN\u00dd&nbsp; RUCH<\/strong><br>\u2013&nbsp;<a href=\"https:\/\/www.skroute66.sk\/\" target=\"_blank\" rel=\"noreferrer noopener\">Slovensk\u00e1 SK Route 66<\/a><br>\u2013&nbsp;<a href=\"https:\/\/europeanroute66.webnode.sk\/\" target=\"_blank\" rel=\"noreferrer noopener\">vytvorenie Eur\u00f3pskej Route 66<\/a><br>\u2013 aplik\u00e1cia Route 66<\/p>\n\n\n\n<p><strong>3) ZACHOVANIE HISTORICK\u00c9HO TECHNICK\u00c9HO DEDI\u010cSTVA automobilov a motocyklov \u2013 veter\u00e1nov:<\/strong><br>\u2013 organizovanie s\u00fa\u0165a\u017e\u00ed a prezenta\u010dn\u00fdch j\u00e1zd historick\u00fdch vozidiel \u2013 veter\u00e1nov.<\/p>\n\n\n\n<p><strong>4) MOTORISTICK\u00dd&nbsp; \u0160PORT:<\/strong><br>\u2013 preteky automobilov do vrchu<br>\u2013 r\u00fdchlostn\u00e9 preteky motocyklov<br>\u2013 motokros<br>\u2013 orienta\u010dn\u00e9 automobilov\u00e9 s\u00fa\u0165a\u017ee<br>\u2013 rallye<\/p>\n<\/div>\n\n\n\n<div class=\"wp-block-column is-layout-flow wp-block-column-is-layout-flow\">\n<p><strong>5) DETSK\u00c1&nbsp; DOPRAVN\u00c1&nbsp; NAD\u00c1CIA<\/strong><br>\u2013 finan\u010dn\u00e1, materi\u00e1lna a mor\u00e1lna pomoc sirot\u00e1m, ktor\u00fdch rodi\u010dia zahynuli pri dopravn\u00fdch nehod\u00e1ch<\/p>\n\n\n\n<p><strong>6) MARKETING:<\/strong><br>\u2013&nbsp;<a href=\"mailto:redakcia@uamk.sk\" target=\"_blank\" rel=\"noreferrer noopener\">redakcia \u00daAMK<\/a><br>\u2013&nbsp;<a href=\"mailto: redakcia@uamk.sk\" target=\"_blank\" rel=\"noreferrer noopener\">publika\u010dn\u00e1 a fotodokumenta\u010dn\u00e1 \u010dinnos\u0165<\/a><br><a href=\"https:\/\/www.uamksr.sk\/uamk\" data-type=\"page\" data-id=\"332\">\u2013&nbsp;web str\u00e1nka<\/a><br>\u2013&nbsp;<a href=\"https:\/\/www.facebook.com\/uamk.sk\" target=\"_blank\" rel=\"noreferrer noopener\">facebook<\/a><br>\u2013 instagram<br>\u2013 tla\u010dov\u00e9 konferencie<\/p>\n\n\n\n<p><strong>7) HOSPOD\u00c1RENIE:<\/strong><br>\u2013 prev\u00e1dzka spolo\u010dnosti \u00daAMK s. r. o.<\/p>\n<\/div>\n<\/div>\n\n\n\n<h2 class=\"wp-block-heading has-text-align-center has-luminous-vivid-amber-background-color has-background\">N\u00e1\u0161 t\u00edm<\/h2>\n\n\n\n<div class=\"wp-block-columns has-background is-layout-flex wp-container-core-columns-is-layout-9d6595d7 wp-block-columns-is-layout-flex\" style=\"background-color:#edcf10\">\n<div class=\"wp-block-column is-layout-flow wp-block-column-is-layout-flow\">\n<figure class=\"wp-block-image is-resized\"><img decoding=\"async\" src=\"https:\/\/www.uamksr.sk\/wp-content\/uploads\/2021\/03\/juraj-smrecan-prezident-uamk.jpg\" alt=\"Juraj Smre\u010dan\" class=\"wp-image-3762\" style=\"width:190px;height:auto\"\/><\/figure>\n\n\n\n<h3 class=\"wp-block-heading\">Dr. Juraj Smre\u010dan<\/h3>\n\n\n\n<p>Prezident \u00daAMK SR<\/p>\n\n\n\n<p>Vykon\u00e1va funkciu Prezidenta \u00daAMK SR od roku 2004, zakladaj\u00faci signat\u00e1r Eur\u00f3pskej charty bezpe\u010dnosti cestnej prem\u00e1vky, dlhoro\u010dn\u00fd organiz\u00e1tor \u0161portov\u00fdch automobilov\u00fdch a motocyklov\u00fdch a s\u00fa\u0165a\u017ei\u00ed BECEP.<\/p>\n\n\n\n<p><a href=\"mailto:smrecan@uamk.sk\">smrecan@uamk.sk<\/a><\/p>\n\n\n\n<figure class=\"wp-block-image is-resized\"><img decoding=\"async\" src=\"https:\/\/www.uamksr.sk\/wp-content\/uploads\/2022\/04\/Eduard-Markovic%CC%8C.jpg\" alt=\"Eduard Markovi\u010d\" class=\"wp-image-5653\" style=\"width:206px;height:auto\"\/><\/figure>\n\n\n\n<h3 class=\"wp-block-heading\">PhDr. Eduard Markovi\u010d, PhD. MBA<\/h3>\n\n\n\n<p>\u010clen prez\u00eddia \u00daAMK SR<\/p>\n\n\n\n<p>zodpovedn\u00fd za vn\u00fatorn\u00e9 vz\u0165ahy a komunik\u00e1ciu so zahrani\u010dn\u00fdmi partnermi.<\/p>\n\n\n\n<p><a href=\"mailto:markovic@uamk.sk\">markovic@uamk.sk<\/a><br><\/p>\n<\/div>\n\n\n\n<div class=\"wp-block-column is-layout-flow wp-block-column-is-layout-flow\">\n<figure class=\"wp-block-image is-resized\"><img decoding=\"async\" src=\"https:\/\/www.uamksr.sk\/wp-content\/uploads\/2021\/04\/Andrea-Korcova.jpg\" alt=\"Andrea Korcova\" class=\"wp-image-3928\" style=\"width:189px;height:auto\"\/><\/figure>\n\n\n\n<h3 class=\"wp-block-heading\">JUDr. Andrea Korcova<\/h3>\n\n\n\n<p>\u010clenka prez\u00eddia \u00daAMK SR<\/p>\n\n\n\n<p>\u010clenka prez\u00eddia \u00daAMK SR od roku 2018, zodpovedn\u00e1 za pr\u00e1vne vz\u0165ahy a legislat\u00edvu. Dlhoro\u010dn\u00e1 spoluorganiz\u00e1torka dopravno-bezpe\u010dnostn\u00fdch s\u00fa\u0165a\u017e\u00ed pre rodiny s de\u0165mi.<\/p>\n\n\n\n<p><a href=\"mailto:korcova@uamk.sk\">korcova@uamk.sk<\/a><\/p>\n\n\n\n<p><br><\/p>\n\n\n\n<figure class=\"wp-block-image is-resized\"><img decoding=\"async\" src=\"https:\/\/www.uamksr.sk\/wp-content\/uploads\/2022\/06\/Ing-Milan-C%CC%8Cerna%CC%81k.jpg\" alt=\"Ing Milan \u010cern\u00e1k\" class=\"wp-image-5718\" style=\"width:194px;height:auto\"\/><\/figure>\n\n\n\n<h3 class=\"wp-block-heading\">Ing. Milan \u010cern\u00e1k<\/h3>\n\n\n\n<p>sekcia mototuristiky a motoristick\u00e9ho \u0161portu<\/p>\n\n\n\n<p>Fotoreporty&nbsp; a spravodajstvo z mototuristiky a&nbsp; motoristick\u00e9ho \u0161portu<\/p>\n\n\n\n<p><a href=\"mailto:cernak@uamk.sk\">cernak@uamk.sk<\/a><br><\/p>\n<\/div>\n<\/div>\n\n\n\n<h2 class=\"wp-block-heading has-text-align-center has-luminous-vivid-amber-background-color has-background\">Redak\u010dn\u00e1 rada<\/h2>\n\n\n\n<div class=\"wp-block-columns has-background is-layout-flex wp-container-core-columns-is-layout-9d6595d7 wp-block-columns-is-layout-flex\" style=\"background-color:#edcf10\">\n<div class=\"wp-block-column is-layout-flow wp-block-column-is-layout-flow\">\n<figure class=\"wp-block-image is-resized\"><img decoding=\"async\" src=\"https:\/\/www.uamksr.sk\/wp-content\/uploads\/2022\/06\/Ing-Milan-C%CC%8Cerna%CC%81k.jpg\" alt=\"Ing Milan \u010cern\u00e1k\" class=\"wp-image-5718\" style=\"width:215px;height:auto\"\/><\/figure>\n\n\n\n<h3 class=\"wp-block-heading\">Ing. Milan \u010cern\u00e1k<\/h3>\n\n\n\n<p class=\"has-medium-font-size\">\u0161\u00e9fredaktor<\/p>\n\n\n\n<p class=\"has-medium-font-size\"><a href=\"mailto:redakcia@uamk.sk\">redakcia@uamk.sk<\/a><br><\/p>\n<\/div>\n\n\n\n<div class=\"wp-block-column is-layout-flow wp-block-column-is-layout-flow\">\n<h3 class=\"wp-block-heading has-large-font-size\"> \u00a0 \u00a0 \u00a0 \u00a0\u00a0<\/h3>\n\n\n\n<h3 class=\"wp-block-heading has-medium-font-size\">\u010clenovia<\/h3>\n\n\n\n<p>Dr. Juraj Smre\u010dan<\/p>\n\n\n\n<p>Mari\u00e1n \u00dajh\u00e1zy<\/p>\n\n\n\n<p>Katar\u00edna Podh\u00e1jska<\/p>\n\n\n\n<p>\u013dudov\u00edt Lacu\u0161ka<\/p>\n<\/div>\n<\/div>\n","protected":false},"excerpt":{"rendered":"<p>\u00dastredn\u00fd automotoklub Slovensk\u00e1 republika (&nbsp;\u00daAMK&nbsp;) je modern\u00fd eur\u00f3psky automotoklub, ktor\u00fd p\u00f4sob\u00ed v oblastiach bezpe\u010dnosti cestnej prem\u00e1vky, dopravno \u2013 bezpe\u010dnostn\u00fdch eduka\u010dn\u00fdch podujat\u00ed pre \u0161irok\u00fa ob\u010diansku verejnos\u0165 s akcentom na deti a ml\u00e1de\u017e, prevenciu dopravnej nehodovosti a mototuristiku. \u00daAMK je z\u00e1rove\u0148 najstar\u0161ie motoristick\u00e9 ob\u010dianske zdru\u017eenie na Slovensku s najv\u00e4\u010d\u0161ou zapojenos\u0165ou ob\u010dianskej verejnosti do svojich aktiv\u00edt. \u00daAMK sa &hellip;<br \/><a href=\"https:\/\/www.uamksr.sk\/uamk\/o-nas\" class=\"more-link pen_button pen_element_default pen_icon_arrow_double\">\u010c\u00edta\u0165 \u010falej <span class=\"screen-reader-text\">O n\u00e1s<\/span><\/a><\/p>\n","protected":false},"author":1,"featured_media":0,"parent":0,"menu_order":0,"comment_status":"closed","ping_status":"closed","template":"","meta":{"footnotes":""},"class_list":["post-159","page","type-page","status-publish","hentry"],"_links":{"self":[{"href":"https:\/\/www.uamksr.sk\/uamk\/wp-json\/wp\/v2\/pages\/159","targetHints":{"allow":["GET"]}}],"collection":[{"href":"https:\/\/www.uamksr.sk\/uamk\/wp-json\/wp\/v2\/pages"}],"about":[{"href":"https:\/\/www.uamksr.sk\/uamk\/wp-json\/wp\/v2\/types\/page"}],"author":[{"embeddable":true,"href":"https:\/\/www.uamksr.sk\/uamk\/wp-json\/wp\/v2\/users\/1"}],"replies":[{"embeddable":true,"href":"https:\/\/www.uamksr.sk\/uamk\/wp-json\/wp\/v2\/comments?post=159"}],"version-history":[{"count":23,"href":"https:\/\/www.uamksr.sk\/uamk\/wp-json\/wp\/v2\/pages\/159\/revisions"}],"predecessor-version":[{"id":1704,"href":"https:\/\/www.uamksr.sk\/uamk\/wp-json\/wp\/v2\/pages\/159\/revisions\/1704"}],"wp:attachment":[{"href":"https:\/\/www.uamksr.sk\/uamk\/wp-json\/wp\/v2\/media?parent=159"}],"curies":[{"name":"wp","href":"https:\/\/api.w.org\/{rel}","templated":true}]}}